{"id":2051,"date":"2022-07-15T11:44:56","date_gmt":"2022-07-15T09:44:56","guid":{"rendered":"https:\/\/bpcc.jedie2.vot.pl\/board\/"},"modified":"2026-05-06T09:40:52","modified_gmt":"2026-05-06T07:40:52","slug":"zarzad","status":"publish","type":"page","link":"https:\/\/dev2.bpcc.org.pl\/pl\/zarzad\/","title":{"rendered":"Zarz\u0105d"},"content":{"rendered":"\t\t<div data-elementor-type=\"wp-page\" data-elementor-id=\"2051\" class=\"elementor elementor-2051 elementor-1013\">\n\t\t\t\t\t\t\t\t\t<section class=\"elementor-section elementor-top-section elementor-element elementor-element-20b9ad4 elementor-section-full_width elementor-section-height-default elementor-section-height-default\" data-id=\"20b9ad4\" data-element_type=\"section\" data-settings=\"{&quot;shape_divider_bottom&quot;:&quot;pyramids&quot;}\">\n\t\t\t\t\t<div class=\"elementor-shape elementor-shape-bottom\" data-negative=\"false\">\n\t\t\t<svg xmlns=\"http:\/\/www.w3.org\/2000\/svg\" viewBox=\"0 0 1000 100\" preserveAspectRatio=\"none\">\n\t<path class=\"elementor-shape-fill\" d=\"M761.9,44.1L643.1,27.2L333.8,98L0,3.8V0l1000,0v3.9\"\/>\n<\/svg>\t\t<\/div>\n\t\t\t\t\t<div class=\"elementor-container elementor-column-gap-default\">\n\t\t\t\t\t<div class=\"elementor-column elementor-col-100 elementor-top-column elementor-element elementor-element-d270d60\" data-id=\"d270d60\" data-element_type=\"column\">\n\t\t\t<div class=\"elementor-widget-wrap elementor-element-populated\">\n\t\t\t\t\t\t\t\t<div class=\"elementor-element elementor-element-ad0bb67 elementor-widget elementor-widget-image\" data-id=\"ad0bb67\" data-element_type=\"widget\" data-widget_type=\"image.default\">\n\t\t\t\t<div class=\"elementor-widget-container\">\n\t\t\t<style>\/*! elementor - v3.14.0 - 26-06-2023 *\/\n.elementor-widget-image{text-align:center}.elementor-widget-image a{display:inline-block}.elementor-widget-image a img[src$=\".svg\"]{width:48px}.elementor-widget-image img{vertical-align:middle;display:inline-block}<\/style>\t\t\t\t\t\t\t\t\t\t\t\t<img loading=\"lazy\" decoding=\"async\" width=\"1024\" height=\"354\" src=\"https:\/\/dev2.bpcc.org.pl\/wp-content\/uploads\/2022\/09\/BR-1024x354.jpg\" class=\"attachment-large size-large wp-image-9678\" alt=\"\" srcset=\"https:\/\/dev2.bpcc.org.pl\/wp-content\/uploads\/2022\/09\/BR-1024x354.jpg 1024w, https:\/\/dev2.bpcc.org.pl\/wp-content\/uploads\/2022\/09\/BR-300x104.jpg 300w, https:\/\/dev2.bpcc.org.pl\/wp-content\/uploads\/2022\/09\/BR-768x265.jpg 768w, https:\/\/dev2.bpcc.org.pl\/wp-content\/uploads\/2022\/09\/BR-1536x530.jpg 1536w, https:\/\/dev2.bpcc.org.pl\/wp-content\/uploads\/2022\/09\/BR-1080x373.jpg 1080w, https:\/\/dev2.bpcc.org.pl\/wp-content\/uploads\/2022\/09\/BR.jpg 1920w\" sizes=\"auto, (max-width: 1024px) 100vw, 1024px\" \/>\t\t\t\t\t\t\t\t\t\t\t\t\t\t\t<\/div>\n\t\t\t\t<\/div>\n\t\t\t\t\t<\/div>\n\t\t<\/div>\n\t\t\t\t\t\t\t<\/div>\n\t\t<\/section>\n\t\t\t\t<section class=\"elementor-section elementor-top-section elementor-element elementor-element-7cc0d4c elementor-section-boxed elementor-section-height-default elementor-section-height-default\" data-id=\"7cc0d4c\" data-element_type=\"section\" data-settings=\"{&quot;background_background&quot;:&quot;classic&quot;}\">\n\t\t\t\t\t\t<div class=\"elementor-container elementor-column-gap-default\">\n\t\t\t\t\t<div class=\"elementor-column elementor-col-100 elementor-top-column elementor-element elementor-element-e898247\" data-id=\"e898247\" data-element_type=\"column\" data-settings=\"{&quot;background_background&quot;:&quot;classic&quot;}\">\n\t\t\t<div class=\"elementor-widget-wrap elementor-element-populated\">\n\t\t\t\t\t\t\t\t<div class=\"elementor-element elementor-element-b796880 elementor-widget elementor-widget-elementskit-heading\" data-id=\"b796880\" data-element_type=\"widget\" data-widget_type=\"elementskit-heading.default\">\n\t\t\t\t<div class=\"elementor-widget-container\">\n\t\t\t<div class=\"ekit-wid-con\" ><div class=\"ekit-heading elementskit-section-title-wraper text_center   ekit_heading_tablet-   ekit_heading_mobile-\"><h1 class=\"ekit-heading--title elementskit-section-title \">\r\n\t\t\t\t\tZarz\u0105d <span><span>BPCC<\/span><\/span>\r\n\t\t\t\t<\/h1><div class=\"ekit_heading_separetor_wraper ekit_heading_elementskit-border-divider elementskit-style-long\"><div class=\"elementskit-border-divider elementskit-style-long\"><\/div><\/div><\/div><\/div>\t\t<\/div>\n\t\t\t\t<\/div>\n\t\t\t\t\t<\/div>\n\t\t<\/div>\n\t\t\t\t\t\t\t<\/div>\n\t\t<\/section>\n\t\t\t\t<section class=\"elementor-section elementor-top-section elementor-element elementor-element-014ff55 elementor-section-boxed elementor-section-height-default elementor-section-height-default\" data-id=\"014ff55\" data-element_type=\"section\">\n\t\t\t\t\t\t<div class=\"elementor-container elementor-column-gap-default\">\n\t\t\t\t\t<div class=\"elementor-column elementor-col-33 elementor-top-column elementor-element elementor-element-e972ae8\" data-id=\"e972ae8\" data-element_type=\"column\" data-settings=\"{&quot;background_background&quot;:&quot;classic&quot;}\">\n\t\t\t<div class=\"elementor-widget-wrap elementor-element-populated\">\n\t\t\t\t\t\t\t\t<div class=\"elementor-element elementor-element-28b2f78 elementor-widget elementor-widget-image\" data-id=\"28b2f78\" data-element_type=\"widget\" data-widget_type=\"image.default\">\n\t\t\t\t<div class=\"elementor-widget-container\">\n\t\t\t\t\t\t\t\t\t\t\t\t\t\t\t<img loading=\"lazy\" decoding=\"async\" width=\"150\" height=\"150\" src=\"https:\/\/dev2.bpcc.org.pl\/wp-content\/uploads\/2022\/09\/Michal-Obiegala-zdj_www-150x150.jpg\" class=\"attachment-thumbnail size-thumbnail wp-image-9641\" alt=\"\" srcset=\"https:\/\/dev2.bpcc.org.pl\/wp-content\/uploads\/2022\/09\/Michal-Obiegala-zdj_www-150x150.jpg 150w, https:\/\/dev2.bpcc.org.pl\/wp-content\/uploads\/2022\/09\/Michal-Obiegala-zdj_www-300x300.jpg 300w, https:\/\/dev2.bpcc.org.pl\/wp-content\/uploads\/2022\/09\/Michal-Obiegala-zdj_www-1024x1024.jpg 1024w, https:\/\/dev2.bpcc.org.pl\/wp-content\/uploads\/2022\/09\/Michal-Obiegala-zdj_www-768x768.jpg 768w, https:\/\/dev2.bpcc.org.pl\/wp-content\/uploads\/2022\/09\/Michal-Obiegala-zdj_www-1080x1080.jpg 1080w, https:\/\/dev2.bpcc.org.pl\/wp-content\/uploads\/2022\/09\/Michal-Obiegala-zdj_www-440x440.jpg 440w, https:\/\/dev2.bpcc.org.pl\/wp-content\/uploads\/2022\/09\/Michal-Obiegala-zdj_www-24x24.jpg 24w, https:\/\/dev2.bpcc.org.pl\/wp-content\/uploads\/2022\/09\/Michal-Obiegala-zdj_www-48x48.jpg 48w, https:\/\/dev2.bpcc.org.pl\/wp-content\/uploads\/2022\/09\/Michal-Obiegala-zdj_www-96x96.jpg 96w, https:\/\/dev2.bpcc.org.pl\/wp-content\/uploads\/2022\/09\/Michal-Obiegala-zdj_www.jpg 1433w\" sizes=\"auto, (max-width: 150px) 100vw, 150px\" \/>\t\t\t\t\t\t\t\t\t\t\t\t\t\t\t<\/div>\n\t\t\t\t<\/div>\n\t\t\t\t\t<\/div>\n\t\t<\/div>\n\t\t\t\t<div class=\"elementor-column elementor-col-33 elementor-top-column elementor-element elementor-element-166c2ba\" data-id=\"166c2ba\" data-element_type=\"column\" data-settings=\"{&quot;background_background&quot;:&quot;classic&quot;}\">\n\t\t\t<div class=\"elementor-widget-wrap elementor-element-populated\">\n\t\t\t\t\t\t\t\t<div class=\"elementor-element elementor-element-a95c1d2 elementor-widget elementor-widget-text-editor\" data-id=\"a95c1d2\" data-element_type=\"widget\" data-widget_type=\"text-editor.default\">\n\t\t\t\t<div class=\"elementor-widget-container\">\n\t\t\t<style>\/*! elementor - v3.14.0 - 26-06-2023 *\/\n.elementor-widget-text-editor.elementor-drop-cap-view-stacked .elementor-drop-cap{background-color:#69727d;color:#fff}.elementor-widget-text-editor.elementor-drop-cap-view-framed .elementor-drop-cap{color:#69727d;border:3px solid;background-color:transparent}.elementor-widget-text-editor:not(.elementor-drop-cap-view-default) .elementor-drop-cap{margin-top:8px}.elementor-widget-text-editor:not(.elementor-drop-cap-view-default) .elementor-drop-cap-letter{width:1em;height:1em}.elementor-widget-text-editor .elementor-drop-cap{float:left;text-align:center;line-height:1;font-size:50px}.elementor-widget-text-editor .elementor-drop-cap-letter{display:inline-block}<\/style>\t\t\t\t<p>Michal is BP\u2019s Poland Head of Country and a member of the BP Communications &amp; External Affairs Europe leadership team. He is responsible for integration and coherence of all BP activities in Poland, relations with key stakeholders and cooperation with both state and local government authorities and non-governmental organisations. He also manages corporate affairs, communications, social performance and regulatory advocacy for bp in Poland, Nordics and Baltics.<\/p><p>Micha\u0142 joined the Polish operations of BP in April 2018. Prior to joining BP, Micha\u0142 held several positions in corporate affairs, public policy and legal, including Liberty Global CEE operations, Clifford Chance, Dentons and the European Commission. Micha\u0142 graduated in law and holds a master\u2019s degree in law from the Adam Mickiewicz University of Pozna\u0144. He also holds a postgraduate degree in European Advanced Studies from the College of Europe. He is a legal advisor admitted to practice in the EU.<\/p><p>Outside of his professional duties, he takes a keen interest in travelling, foreign languages, and intercultural exploration.<\/p>\t\t\t\t\t\t<\/div>\n\t\t\t\t<\/div>\n\t\t\t\t\t<\/div>\n\t\t<\/div>\n\t\t\t\t<div class=\"elementor-column elementor-col-33 elementor-top-column elementor-element elementor-element-a22f6a3\" data-id=\"a22f6a3\" data-element_type=\"column\" data-settings=\"{&quot;background_background&quot;:&quot;classic&quot;}\">\n\t\t\t<div class=\"elementor-widget-wrap elementor-element-populated\">\n\t\t\t\t\t\t\t\t<div class=\"elementor-element elementor-element-da2c23a elementor-widget elementor-widget-text-editor\" data-id=\"da2c23a\" data-element_type=\"widget\" data-widget_type=\"text-editor.default\">\n\t\t\t\t<div class=\"elementor-widget-container\">\n\t\t\t\t\t\t\t<h4 class=\"name\"><span style=\"color: #ffffff;\"><strong>Micha\u0142 Obiega\u0142a<br \/><\/strong><\/span><\/h4><div class=\"bpcc-position\"><p><strong><strong>Przewodnicz\u0105cy Zarz\u0105du<br \/><\/strong><\/strong><\/p><div class=\"position\"><strong>BP Europa SE, Oddzia\u0142 w Polsce<\/strong><\/div><div class=\"address\">ul. Pawia 9<br \/>31-154 Krak\u00f3w<\/div><\/div>\t\t\t\t\t\t<\/div>\n\t\t\t\t<\/div>\n\t\t\t\t\t<\/div>\n\t\t<\/div>\n\t\t\t\t\t\t\t<\/div>\n\t\t<\/section>\n\t\t\t\t<section class=\"elementor-section elementor-top-section elementor-element elementor-element-165849d elementor-section-boxed elementor-section-height-default elementor-section-height-default\" data-id=\"165849d\" data-element_type=\"section\">\n\t\t\t\t\t\t<div class=\"elementor-container elementor-column-gap-default\">\n\t\t\t\t\t<div class=\"elementor-column elementor-col-33 elementor-top-column elementor-element elementor-element-26259ef\" data-id=\"26259ef\" data-element_type=\"column\" data-settings=\"{&quot;background_background&quot;:&quot;classic&quot;}\">\n\t\t\t<div class=\"elementor-widget-wrap elementor-element-populated\">\n\t\t\t\t\t\t\t\t<div class=\"elementor-element elementor-element-1ab5e85 elementor-widget elementor-widget-image\" data-id=\"1ab5e85\" data-element_type=\"widget\" data-widget_type=\"image.default\">\n\t\t\t\t<div class=\"elementor-widget-container\">\n\t\t\t\t\t\t\t\t\t\t\t\t\t\t\t<img loading=\"lazy\" decoding=\"async\" width=\"150\" height=\"150\" src=\"https:\/\/dev2.bpcc.org.pl\/wp-content\/uploads\/2022\/09\/dariusz-kucharski-2022_portal-150x150.jpg\" class=\"attachment-thumbnail size-thumbnail wp-image-9704\" alt=\"\" srcset=\"https:\/\/dev2.bpcc.org.pl\/wp-content\/uploads\/2022\/09\/dariusz-kucharski-2022_portal-150x150.jpg 150w, https:\/\/dev2.bpcc.org.pl\/wp-content\/uploads\/2022\/09\/dariusz-kucharski-2022_portal-24x24.jpg 24w, https:\/\/dev2.bpcc.org.pl\/wp-content\/uploads\/2022\/09\/dariusz-kucharski-2022_portal-48x48.jpg 48w, https:\/\/dev2.bpcc.org.pl\/wp-content\/uploads\/2022\/09\/dariusz-kucharski-2022_portal-96x96.jpg 96w, https:\/\/dev2.bpcc.org.pl\/wp-content\/uploads\/2022\/09\/dariusz-kucharski-2022_portal.jpg 206w\" sizes=\"auto, (max-width: 150px) 100vw, 150px\" \/>\t\t\t\t\t\t\t\t\t\t\t\t\t\t\t<\/div>\n\t\t\t\t<\/div>\n\t\t\t\t\t<\/div>\n\t\t<\/div>\n\t\t\t\t<div class=\"elementor-column elementor-col-33 elementor-top-column elementor-element elementor-element-c648adf\" data-id=\"c648adf\" data-element_type=\"column\" data-settings=\"{&quot;background_background&quot;:&quot;classic&quot;}\">\n\t\t\t<div class=\"elementor-widget-wrap elementor-element-populated\">\n\t\t\t\t\t\t\t\t<div class=\"elementor-element elementor-element-3aab27c elementor-widget elementor-widget-text-editor\" data-id=\"3aab27c\" data-element_type=\"widget\" data-widget_type=\"text-editor.default\">\n\t\t\t\t<div class=\"elementor-widget-container\">\n\t\t\t\t\t\t\t<p>Dariusz Kucharski is currently the Country CEO of HSBC Poland. In this role, he leads wholesale banking business that provides investment and financial solutions to corporate, government and institutional clients. Dariusz has been with HSBC Poland since 2005 and has held a number of senior roles in risk management and internal audit.<\/p><p>Prior to joining HSBC, Dariusz worked in a range of treasury, audit and risk management roles at ING, Arthur Andersen and Raiffeisen Bank.<\/p><p>Dariusz holds a degree in Finance from University of Economics in Krakow and the qualification of Association of Chartered Certified Accountants.<\/p>\t\t\t\t\t\t<\/div>\n\t\t\t\t<\/div>\n\t\t\t\t\t<\/div>\n\t\t<\/div>\n\t\t\t\t<div class=\"elementor-column elementor-col-33 elementor-top-column elementor-element elementor-element-f2b1881\" data-id=\"f2b1881\" data-element_type=\"column\" data-settings=\"{&quot;background_background&quot;:&quot;classic&quot;}\">\n\t\t\t<div class=\"elementor-widget-wrap elementor-element-populated\">\n\t\t\t\t\t\t\t\t<div class=\"elementor-element elementor-element-bdafb2e elementor-widget elementor-widget-text-editor\" data-id=\"bdafb2e\" data-element_type=\"widget\" data-widget_type=\"text-editor.default\">\n\t\t\t\t<div class=\"elementor-widget-container\">\n\t\t\t\t\t\t\t<h4 class=\"name\"><span style=\"color: #ffffff;\">Dariusz Kucharski<br \/><\/span><\/h4><div class=\"bpcc-position\"><p><strong>Vice-Przewodnicz\u0105cy Zarz\u0105du<\/strong><\/p><\/div><div class=\"position\">HSBC Continental Europe (Sp\u00f3\u0142ka Akcyjna) Oddzia\u0142 w Polsce<\/div><div class=\"contact\">tel.: +48 22 323 90 00<\/div><div class=\"address\">Rondo ONZ 1<br \/>00-124 Warszawa<\/div>\t\t\t\t\t\t<\/div>\n\t\t\t\t<\/div>\n\t\t\t\t\t<\/div>\n\t\t<\/div>\n\t\t\t\t\t\t\t<\/div>\n\t\t<\/section>\n\t\t\t\t<section class=\"elementor-section elementor-top-section elementor-element elementor-element-2997c89 elementor-section-boxed elementor-section-height-default elementor-section-height-default\" data-id=\"2997c89\" data-element_type=\"section\">\n\t\t\t\t\t\t<div class=\"elementor-container elementor-column-gap-default\">\n\t\t\t\t\t<div class=\"elementor-column elementor-col-33 elementor-top-column elementor-element elementor-element-5ec8f01\" data-id=\"5ec8f01\" data-element_type=\"column\" data-settings=\"{&quot;background_background&quot;:&quot;classic&quot;}\">\n\t\t\t<div class=\"elementor-widget-wrap elementor-element-populated\">\n\t\t\t\t\t\t\t\t<div class=\"elementor-element elementor-element-fe02571 elementor-widget elementor-widget-image\" data-id=\"fe02571\" data-element_type=\"widget\" data-widget_type=\"image.default\">\n\t\t\t\t<div class=\"elementor-widget-container\">\n\t\t\t\t\t\t\t\t\t\t\t\t\t\t\t<img loading=\"lazy\" decoding=\"async\" width=\"150\" height=\"150\" src=\"https:\/\/dev2.bpcc.org.pl\/wp-content\/uploads\/2022\/07\/content_pawel_swietochowski.png\" class=\"attachment-thumbnail size-thumbnail wp-image-1428\" alt=\"\" \/>\t\t\t\t\t\t\t\t\t\t\t\t\t\t\t<\/div>\n\t\t\t\t<\/div>\n\t\t\t\t\t<\/div>\n\t\t<\/div>\n\t\t\t\t<div class=\"elementor-column elementor-col-33 elementor-top-column elementor-element elementor-element-f21b2ca\" data-id=\"f21b2ca\" data-element_type=\"column\" data-settings=\"{&quot;background_background&quot;:&quot;classic&quot;}\">\n\t\t\t<div class=\"elementor-widget-wrap elementor-element-populated\">\n\t\t\t\t\t\t\t\t<div class=\"elementor-element elementor-element-0dc5760 elementor-widget elementor-widget-text-editor\" data-id=\"0dc5760\" data-element_type=\"widget\" data-widget_type=\"text-editor.default\">\n\t\t\t\t<div class=\"elementor-widget-container\">\n\t\t\t\t\t\t\t<p>Pawe\u0142 \u015awi\u0119tochowski has been working at Castorama for over 21 years, acting on different roles.<br \/>He is currently CSR manager and a President of Castorama Foundation. In his roles he is responsible also for managing communities and eco projects conducted in a company.<br \/><br \/>Pawe\u0142 is also responsible for supporting external communication in Castorama Poland.<br \/><br \/>Pawe\u0142 has got degree Warsaw University of Life Sciences.<\/p>\t\t\t\t\t\t<\/div>\n\t\t\t\t<\/div>\n\t\t\t\t\t<\/div>\n\t\t<\/div>\n\t\t\t\t<div class=\"elementor-column elementor-col-33 elementor-top-column elementor-element elementor-element-4e33096\" data-id=\"4e33096\" data-element_type=\"column\" data-settings=\"{&quot;background_background&quot;:&quot;classic&quot;}\">\n\t\t\t<div class=\"elementor-widget-wrap elementor-element-populated\">\n\t\t\t\t\t\t\t\t<div class=\"elementor-element elementor-element-5f0fba3 elementor-widget elementor-widget-text-editor\" data-id=\"5f0fba3\" data-element_type=\"widget\" data-widget_type=\"text-editor.default\">\n\t\t\t\t<div class=\"elementor-widget-container\">\n\t\t\t\t\t\t\t<h4 class=\"name\"><span style=\"color: #ffffff;\">Pawe\u0142 \u015awi\u0119tochowski<\/span><\/h4><div class=\"bpcc-position\"><p><strong>Sekretarz Zarz\u0105du<br \/><\/strong><\/p><p>Dyrektor ds. relacji biznesowych i program\u00f3w spo\u0142eczno\u015bciowych, President of Castorama Foundation<\/p><\/div><div class=\"contact\">tel.: +48 (22) 57 53 174<\/div><div class=\"address\">ul. Krakowiak\u00f3w 78<br \/>02-255 Warszawa<\/div>\t\t\t\t\t\t<\/div>\n\t\t\t\t<\/div>\n\t\t\t\t\t<\/div>\n\t\t<\/div>\n\t\t\t\t\t\t\t<\/div>\n\t\t<\/section>\n\t\t\t\t<section class=\"elementor-section elementor-top-section elementor-element elementor-element-c5705cd elementor-section-boxed elementor-section-height-default elementor-section-height-default\" data-id=\"c5705cd\" data-element_type=\"section\">\n\t\t\t\t\t\t<div class=\"elementor-container elementor-column-gap-default\">\n\t\t\t\t\t<div class=\"elementor-column elementor-col-33 elementor-top-column elementor-element elementor-element-420588f\" data-id=\"420588f\" data-element_type=\"column\" data-settings=\"{&quot;background_background&quot;:&quot;classic&quot;}\">\n\t\t\t<div class=\"elementor-widget-wrap elementor-element-populated\">\n\t\t\t\t\t\t\t\t<div class=\"elementor-element elementor-element-3191036 elementor-widget elementor-widget-image\" data-id=\"3191036\" data-element_type=\"widget\" data-widget_type=\"image.default\">\n\t\t\t\t<div class=\"elementor-widget-container\">\n\t\t\t\t\t\t\t\t\t\t\t\t\t\t\t<img loading=\"lazy\" decoding=\"async\" width=\"150\" height=\"150\" src=\"https:\/\/dev2.bpcc.org.pl\/wp-content\/uploads\/2022\/09\/Elzbieta-Pelka-150x150.jpg\" class=\"attachment-thumbnail size-thumbnail wp-image-9647\" alt=\"\" srcset=\"https:\/\/dev2.bpcc.org.pl\/wp-content\/uploads\/2022\/09\/Elzbieta-Pelka-150x150.jpg 150w, https:\/\/dev2.bpcc.org.pl\/wp-content\/uploads\/2022\/09\/Elzbieta-Pelka.jpg 300w, https:\/\/dev2.bpcc.org.pl\/wp-content\/uploads\/2022\/09\/Elzbieta-Pelka-24x24.jpg 24w, https:\/\/dev2.bpcc.org.pl\/wp-content\/uploads\/2022\/09\/Elzbieta-Pelka-48x48.jpg 48w, https:\/\/dev2.bpcc.org.pl\/wp-content\/uploads\/2022\/09\/Elzbieta-Pelka-96x96.jpg 96w\" sizes=\"auto, (max-width: 150px) 100vw, 150px\" \/>\t\t\t\t\t\t\t\t\t\t\t\t\t\t\t<\/div>\n\t\t\t\t<\/div>\n\t\t\t\t\t<\/div>\n\t\t<\/div>\n\t\t\t\t<div class=\"elementor-column elementor-col-33 elementor-top-column elementor-element elementor-element-f5b49f0\" data-id=\"f5b49f0\" data-element_type=\"column\" data-settings=\"{&quot;background_background&quot;:&quot;classic&quot;}\">\n\t\t\t<div class=\"elementor-widget-wrap elementor-element-populated\">\n\t\t\t\t\t\t\t\t<div class=\"elementor-element elementor-element-0827079 elementor-widget elementor-widget-text-editor\" data-id=\"0827079\" data-element_type=\"widget\" data-widget_type=\"text-editor.default\">\n\t\t\t\t<div class=\"elementor-widget-container\">\n\t\t\t\t\t\t\t<p>Fellow of The Royal Society of Arts (RSA), Fellow of The Chartered Institute of Marketing, prezeska Polish National Sales Awards, w\u0142a\u015bcicielka Agencji Marketingu Zintegrowanego Pe\u0142ka i Partnerzy, cz\u0142onkini zarz\u0105du British-Polish Chamber of Commerce od 2019 roku, ekspertka Centrum Dialogu i Analiz THINK TANK. Cz\u0142onkini Rady Programowej Europejskiej Fundacji Rozwoju Przedsi\u0119biorczo\u015bci oraz Klubu Mentorek Sieci Przedsi\u0119biorczych Kobiet. Cz\u0142onkini Akademii Liderek Henryki Bochniarz. Od 2023 r. przewodnicz\u0105ca Rady Nadzorczej sp\u00f3\u0142ki Sunway Network S.A. (dawniej Prosta Gie\u0142da S.A).<\/p><p>Przedsi\u0119biorczyni, marketerka, ekspertka w procesach zarz\u0105dzania mark\u0105 360 stopni, posiada ponad 25-letnie do\u015bwiadczenie w szeroko poj\u0119tej komunikacji zdobyte w Polsce i za granic\u0105, szczeg\u00f3lnie w Wielkiej Brytanii. Pracowa\u0142a na stanowiskach mened\u017cerskich dla takich korporacji mi\u0119dzynarodowych jak Ogilvy&amp;Mather w Londynie i Warszawie, The Rowland Company, GGK Direct, Marie Claire Poland.<\/p><p>W ramach realizowanych projekt\u00f3w dzia\u0142a na rzecz rozwoju przedsi\u0119biorczo\u015bci, a tak\u017ce promowania standard\u00f3w i etyki w sprzeda\u017cy. Jest aktywn\u0105 uczestniczk\u0105 kilku organizacji prowadz\u0105cych dzia\u0142alno\u015b\u0107 prospo\u0142eczn\u0105.<\/p>\t\t\t\t\t\t<\/div>\n\t\t\t\t<\/div>\n\t\t\t\t\t<\/div>\n\t\t<\/div>\n\t\t\t\t<div class=\"elementor-column elementor-col-33 elementor-top-column elementor-element elementor-element-1e7a85c\" data-id=\"1e7a85c\" data-element_type=\"column\" data-settings=\"{&quot;background_background&quot;:&quot;classic&quot;}\">\n\t\t\t<div class=\"elementor-widget-wrap elementor-element-populated\">\n\t\t\t\t\t\t\t\t<div class=\"elementor-element elementor-element-07fa5e2 elementor-widget elementor-widget-text-editor\" data-id=\"07fa5e2\" data-element_type=\"widget\" data-widget_type=\"text-editor.default\">\n\t\t\t\t<div class=\"elementor-widget-container\">\n\t\t\t\t\t\t\t<h4 class=\"name\"><span style=\"color: #ffffff;\">El\u017cbieta Pe\u0142ka<br \/><\/span><\/h4><div class=\"bpcc-position\"><p><strong>Cz\u0142onek Zarz\u0105du<\/strong><\/p><p>\u00a0<\/p><\/div><div class=\"position\"><strong>Pe\u0142ka i Partnerzy<\/strong><\/div><div class=\"contact\">tel.: +48 22 853 56 22-24<\/div><div class=\"address\">ul. Ekologiczna 16\/28,<br \/>02-798 Warszawa<\/div>\t\t\t\t\t\t<\/div>\n\t\t\t\t<\/div>\n\t\t\t\t\t<\/div>\n\t\t<\/div>\n\t\t\t\t\t\t\t<\/div>\n\t\t<\/section>\n\t\t\t\t<section class=\"elementor-section elementor-top-section elementor-element elementor-element-601c3d8 elementor-section-boxed elementor-section-height-default elementor-section-height-default\" data-id=\"601c3d8\" data-element_type=\"section\">\n\t\t\t\t\t\t<div class=\"elementor-container elementor-column-gap-default\">\n\t\t\t\t\t<div class=\"elementor-column elementor-col-33 elementor-top-column elementor-element elementor-element-7132677\" data-id=\"7132677\" data-element_type=\"column\" data-settings=\"{&quot;background_background&quot;:&quot;classic&quot;}\">\n\t\t\t<div class=\"elementor-widget-wrap elementor-element-populated\">\n\t\t\t\t\t\t\t\t<div class=\"elementor-element elementor-element-e990f85 elementor-widget elementor-widget-image\" data-id=\"e990f85\" data-element_type=\"widget\" data-widget_type=\"image.default\">\n\t\t\t\t<div class=\"elementor-widget-container\">\n\t\t\t\t\t\t\t\t\t\t\t\t\t\t\t<img loading=\"lazy\" decoding=\"async\" width=\"150\" height=\"150\" src=\"https:\/\/dev2.bpcc.org.pl\/wp-content\/uploads\/2025\/04\/Andrzej-Posniak_cropped_res-150x150.jpg\" class=\"attachment-thumbnail size-thumbnail wp-image-59627\" alt=\"\" srcset=\"https:\/\/dev2.bpcc.org.pl\/wp-content\/uploads\/2025\/04\/Andrzej-Posniak_cropped_res-150x150.jpg 150w, https:\/\/dev2.bpcc.org.pl\/wp-content\/uploads\/2025\/04\/Andrzej-Posniak_cropped_res-24x24.jpg 24w, https:\/\/dev2.bpcc.org.pl\/wp-content\/uploads\/2025\/04\/Andrzej-Posniak_cropped_res-48x48.jpg 48w, https:\/\/dev2.bpcc.org.pl\/wp-content\/uploads\/2025\/04\/Andrzej-Posniak_cropped_res-96x96.jpg 96w, https:\/\/dev2.bpcc.org.pl\/wp-content\/uploads\/2025\/04\/Andrzej-Posniak_cropped_res.jpg 300w\" sizes=\"auto, (max-width: 150px) 100vw, 150px\" \/>\t\t\t\t\t\t\t\t\t\t\t\t\t\t\t<\/div>\n\t\t\t\t<\/div>\n\t\t\t\t\t<\/div>\n\t\t<\/div>\n\t\t\t\t<div class=\"elementor-column elementor-col-33 elementor-top-column elementor-element elementor-element-322715a\" data-id=\"322715a\" data-element_type=\"column\" data-settings=\"{&quot;background_background&quot;:&quot;classic&quot;}\">\n\t\t\t<div class=\"elementor-widget-wrap elementor-element-populated\">\n\t\t\t\t\t\t\t\t<div class=\"elementor-element elementor-element-bdfd601 elementor-widget elementor-widget-text-editor\" data-id=\"bdfd601\" data-element_type=\"widget\" data-widget_type=\"text-editor.default\">\n\t\t\t\t<div class=\"elementor-widget-container\">\n\t\t\t\t\t\t\t<p>Andrzej Po\u015bniak jest prawnikiem, ekonomist\u0105 i mened\u017cerem. Od 2019 roku jest partnerem zarz\u0105dzaj\u0105cym kancelarii CMS w Polsce. W tym czasie kancelaria znacz\u0105co wzmocni\u0142a swoj\u0105 pozycj\u0119 na rynku, a w 2024 roku zosta\u0142a najwi\u0119ksz\u0105 kancelari\u0105 prawn\u0105 w Polsce wed\u0142ug rankingu dziennika Rzeczpospolita.<\/p><p>Andrzej nadzoruje tak\u017ce prac\u0119 zespo\u0142u Doradztwa Podatkowego w ramach praktyki Transakcji i Prawa Sp\u00f3\u0142ek (Corporate \/ M&amp;A) oraz odpowiada za rozw\u00f3j tej praktyki\u00a0<br \/>w Europie \u015arodkowo-Wschodniej.<\/p><p>Dzi\u0119ki uko\u0144czonym studiom mened\u017cerskim na Harvard Law School, skutecznie \u0142\u0105czy kompetencje strategiczne z zarz\u0105dzaniem operacyjnym. Konsekwentnie rozwija wsp\u00f3\u0142prac\u0119 z kluczowymi klientami i partnerami biznesowymi, a jako cz\u0142onek globalnego zarz\u0105du praktyki podatkowej CMS, aktywnie kszta\u0142tuje jej mi\u0119dzynarodow\u0105 strategi\u0119.<\/p>\t\t\t\t\t\t<\/div>\n\t\t\t\t<\/div>\n\t\t\t\t\t<\/div>\n\t\t<\/div>\n\t\t\t\t<div class=\"elementor-column elementor-col-33 elementor-top-column elementor-element elementor-element-3cb1c1b\" data-id=\"3cb1c1b\" data-element_type=\"column\" data-settings=\"{&quot;background_background&quot;:&quot;classic&quot;}\">\n\t\t\t<div class=\"elementor-widget-wrap elementor-element-populated\">\n\t\t\t\t\t\t\t\t<div class=\"elementor-element elementor-element-69eb128 elementor-widget elementor-widget-text-editor\" data-id=\"69eb128\" data-element_type=\"widget\" data-widget_type=\"text-editor.default\">\n\t\t\t\t<div class=\"elementor-widget-container\">\n\t\t\t\t\t\t\t<h4 class=\"name\"><span style=\"color: #ffffff;\">Andrzej Po\u015bniak<\/span><\/h4><div class=\"bpcc-position\"><p><strong>Cz\u0142onek Zarz\u0105du<br \/><\/strong><br \/>Partner Zarz\u0105dzaj\u0105cy, kancelaria CMS<br \/>Phone: +48 22 520 5555<br \/>Varso Tower<br \/>ul. Chmielna 69,<br \/>00-801 Warszawa<br \/>Poland<strong><br \/><\/strong><\/p><\/div>\t\t\t\t\t\t<\/div>\n\t\t\t\t<\/div>\n\t\t\t\t\t<\/div>\n\t\t<\/div>\n\t\t\t\t\t\t\t<\/div>\n\t\t<\/section>\n\t\t\t\t<section class=\"elementor-section elementor-top-section elementor-element elementor-element-ea8e86c elementor-section-boxed elementor-section-height-default elementor-section-height-default\" data-id=\"ea8e86c\" data-element_type=\"section\" data-settings=\"{&quot;background_background&quot;:&quot;classic&quot;}\">\n\t\t\t\t\t\t<div class=\"elementor-container elementor-column-gap-default\">\n\t\t\t\t\t<div class=\"elementor-column elementor-col-100 elementor-top-column elementor-element elementor-element-7654373\" data-id=\"7654373\" data-element_type=\"column\" data-settings=\"{&quot;background_background&quot;:&quot;classic&quot;}\">\n\t\t\t<div class=\"elementor-widget-wrap elementor-element-populated\">\n\t\t\t\t\t\t\t\t<div class=\"elementor-element elementor-element-eb9dcef elementor-widget elementor-widget-elementskit-heading\" data-id=\"eb9dcef\" data-element_type=\"widget\" data-widget_type=\"elementskit-heading.default\">\n\t\t\t\t<div class=\"elementor-widget-container\">\n\t\t\t<div class=\"ekit-wid-con\" ><div class=\"ekit-heading elementskit-section-title-wraper text_center   ekit_heading_tablet-   ekit_heading_mobile-\"><h1 class=\"ekit-heading--title elementskit-section-title \">\r\n\t\t\t\t\tDoradcy zarz\u0105du <span><span>BPCC<\/span><\/span>\r\n\t\t\t\t<\/h1><div class=\"ekit_heading_separetor_wraper ekit_heading_elementskit-border-divider elementskit-style-long\"><div class=\"elementskit-border-divider elementskit-style-long\"><\/div><\/div><\/div><\/div>\t\t<\/div>\n\t\t\t\t<\/div>\n\t\t\t\t\t<\/div>\n\t\t<\/div>\n\t\t\t\t\t\t\t<\/div>\n\t\t<\/section>\n\t\t\t\t<section class=\"elementor-section elementor-top-section elementor-element elementor-element-58331f5 elementor-section-boxed elementor-section-height-default elementor-section-height-default\" data-id=\"58331f5\" data-element_type=\"section\">\n\t\t\t\t\t\t<div class=\"elementor-container elementor-column-gap-default\">\n\t\t\t\t\t<div class=\"elementor-column elementor-col-33 elementor-top-column elementor-element elementor-element-e47bc70\" data-id=\"e47bc70\" data-element_type=\"column\" data-settings=\"{&quot;background_background&quot;:&quot;classic&quot;}\">\n\t\t\t<div class=\"elementor-widget-wrap elementor-element-populated\">\n\t\t\t\t\t\t\t\t<div class=\"elementor-element elementor-element-58a32cc elementor-widget elementor-widget-image\" data-id=\"58a32cc\" data-element_type=\"widget\" data-widget_type=\"image.default\">\n\t\t\t\t<div class=\"elementor-widget-container\">\n\t\t\t\t\t\t\t\t\t\t\t\t\t\t\t<img loading=\"lazy\" decoding=\"async\" width=\"150\" height=\"150\" src=\"https:\/\/dev2.bpcc.org.pl\/wp-content\/uploads\/2026\/05\/michal_fura_res-150x150.jpg\" class=\"attachment-thumbnail size-thumbnail wp-image-71128\" alt=\"\" srcset=\"https:\/\/dev2.bpcc.org.pl\/wp-content\/uploads\/2026\/05\/michal_fura_res-150x150.jpg 150w, https:\/\/dev2.bpcc.org.pl\/wp-content\/uploads\/2026\/05\/michal_fura_res-24x24.jpg 24w, https:\/\/dev2.bpcc.org.pl\/wp-content\/uploads\/2026\/05\/michal_fura_res-48x48.jpg 48w, https:\/\/dev2.bpcc.org.pl\/wp-content\/uploads\/2026\/05\/michal_fura_res-96x96.jpg 96w, https:\/\/dev2.bpcc.org.pl\/wp-content\/uploads\/2026\/05\/michal_fura_res.jpg 300w\" sizes=\"auto, (max-width: 150px) 100vw, 150px\" \/>\t\t\t\t\t\t\t\t\t\t\t\t\t\t\t<\/div>\n\t\t\t\t<\/div>\n\t\t\t\t\t<\/div>\n\t\t<\/div>\n\t\t\t\t<div class=\"elementor-column elementor-col-33 elementor-top-column elementor-element elementor-element-3f69639\" data-id=\"3f69639\" data-element_type=\"column\" data-settings=\"{&quot;background_background&quot;:&quot;classic&quot;}\">\n\t\t\t<div class=\"elementor-widget-wrap elementor-element-populated\">\n\t\t\t\t\t\t\t\t<div class=\"elementor-element elementor-element-85281e8 elementor-widget elementor-widget-text-editor\" data-id=\"85281e8\" data-element_type=\"widget\" data-widget_type=\"text-editor.default\">\n\t\t\t\t<div class=\"elementor-widget-container\">\n\t\t\t\t\t\t\t<p>Micha\u0142 jest do\u015bwiadczonym liderem w obszarze corporate affairs i regulacji, od ponad dekady dzia\u0142aj\u0105cym na styku biznesu, administracji publicznej i polityk publicznych w Polsce, krajach ba\u0142tyckich oraz Europie \u015arodkowo-Wschodniej. Doradza zarz\u0105dom i w\u0142a\u015bcicielom firm w zakresie strategii regulacyjnych i relacji z interesariuszami, pomagaj\u0105c im kszta\u0142towa\u0107 stabilne, zr\u00f3wnowa\u017cone warunki dzia\u0142ania i rozwoju w z\u0142o\u017conych, silnie regulowanych \u015brodowiskach.<\/p><p>Jako cz\u0142onek zarz\u0105du British American Tobacco w Polsce i krajach ba\u0142tyckich odpowiada\u0142 za obszar corporate affairs i regulatory affairs, prowadz\u0105c firm\u0119 przez z\u0142o\u017cone wyzwania w obszarach akcyzy, regulacji produktowych oraz polityk unijnych, wsp\u00f3\u0142tworz\u0105c stabilne i zr\u00f3wnowa\u017cone ramy regulacyjne wspieraj\u0105ce d\u0142ugoterminowy rozw\u00f3j biznesu.<\/p><p>Wcze\u015bniej zajmowa\u0142 kierownicze stanowiska w UPC Polska oraz w strukturach Liberty Global \u2013 brytyjskiej, mi\u0119dzynarodowej grupy telekomunikacyjno-medialnej stoj\u0105cej za takimi markami jak Virgin Media, VodafoneZiggo czy Telenet \u2013 gdzie odpowiada\u0142 za strategi\u0119 public affairs i komunikacji na sze\u015bciu rynkach Europy \u015arodkowo-Wschodniej. Bra\u0142 udzia\u0142 w kilkunastu transakcjach M&amp;A o \u0142\u0105cznej warto\u015bci przekraczaj\u0105cej 10 mld z\u0142, w przej\u0119ciu UPC Polska przez Play o warto\u015bci ponad 7 mld z\u0142 \u2013 jednej z najwi\u0119kszych transakcji korporacyjnych w historii Polski \u2013 oraz przy stworzeniu Polskiego \u015awiat\u0142owodu Otwartego, najwi\u0119kszej w Polsce hurtowej, otwartej sieci \u015bwiat\u0142owodowej, b\u0119d\u0105cej inwestycj\u0105 o warto\u015bci 5,1 mld z\u0142.<\/p><p>Poza sektorem korporacyjnym Micha\u0142 pe\u0142ni\u0142 funkcj\u0119 wiceprezesa Digital Poland Foundation, wspieraj\u0105c realizacj\u0119 jej misji, jak\u0105 jest uczynienie Polski jednym z kluczowych hub\u00f3w innowacji cyfrowych w Europie, wsp\u00f3\u0142tworz\u0105c takie inicjatywy jak Digital Festival czy CEE Digital Champions.<\/p><p>Jest r\u00f3wnie\u017c cz\u0142onkiem Stowarzyszenie Niezale\u017cnych Cz\u0142onk\u00f3w Rad Nadzorczych, co odzwierciedla jego zaanga\u017cowanie w najwy\u017csze standardy \u0142adu korporacyjnego i jako\u015bci pracy organ\u00f3w nadzorczych.<\/p><p>Zanim obj\u0105\u0142 role w obszarze corporate affairs i regulacji, Micha\u0142 przez ponad dekad\u0119 pracowa\u0142 jako dziennikarz ekonomiczny, relacjonuj\u0105c tematy zwi\u0105zane z politykami publicznymi, sektorem TMT, innowacjami, M&amp;A, gospodark\u0105 i sp\u00f3\u0142kami gie\u0142dowymi dla wielu redakcji, w szczeg\u00f3lno\u015bci dla Dziennik Gazeta Prawna. To do\u015bwiadczenie da\u0142o mu g\u0142\u0119bokie zrozumienie mechanizm\u00f3w kszta\u0142tuj\u0105cych media, opini\u0119 publiczn\u0105 oraz funkcjonowanie administracji publicznej \u2013 zapewniaj\u0105c mu rzadk\u0105 perspektyw\u0119 po obu stronach relacji mi\u0119dzy biznesem a sfer\u0105 publiczn\u0105.<\/p>\t\t\t\t\t\t<\/div>\n\t\t\t\t<\/div>\n\t\t\t\t\t<\/div>\n\t\t<\/div>\n\t\t\t\t<div class=\"elementor-column elementor-col-33 elementor-top-column elementor-element elementor-element-70077c9\" data-id=\"70077c9\" data-element_type=\"column\" data-settings=\"{&quot;background_background&quot;:&quot;classic&quot;}\">\n\t\t\t<div class=\"elementor-widget-wrap elementor-element-populated\">\n\t\t\t\t\t\t\t\t<div class=\"elementor-element elementor-element-a6db340 elementor-widget elementor-widget-text-editor\" data-id=\"a6db340\" data-element_type=\"widget\" data-widget_type=\"text-editor.default\">\n\t\t\t\t<div class=\"elementor-widget-container\">\n\t\t\t\t\t\t\t<h4 class=\"name\"><span style=\"color: #ffffff;\">Micha\u0142 Fura<\/span><\/h4><div class=\"bpcc-position\"><p><strong>Doradca Zarz\u0105du<\/strong><\/p><\/div>\t\t\t\t\t\t<\/div>\n\t\t\t\t<\/div>\n\t\t\t\t\t<\/div>\n\t\t<\/div>\n\t\t\t\t\t\t\t<\/div>\n\t\t<\/section>\n\t\t\t\t<section class=\"elementor-section elementor-top-section elementor-element elementor-element-d786f10 elementor-section-boxed elementor-section-height-default elementor-section-height-default\" data-id=\"d786f10\" data-element_type=\"section\">\n\t\t\t\t\t\t<div class=\"elementor-container elementor-column-gap-default\">\n\t\t\t\t\t<div class=\"elementor-column elementor-col-33 elementor-top-column elementor-element elementor-element-a0eedd7\" data-id=\"a0eedd7\" data-element_type=\"column\" data-settings=\"{&quot;background_background&quot;:&quot;classic&quot;}\">\n\t\t\t<div class=\"elementor-widget-wrap elementor-element-populated\">\n\t\t\t\t\t\t\t\t<div class=\"elementor-element elementor-element-42bed22 elementor-widget elementor-widget-image\" data-id=\"42bed22\" data-element_type=\"widget\" data-widget_type=\"image.default\">\n\t\t\t\t<div class=\"elementor-widget-container\">\n\t\t\t\t\t\t\t\t\t\t\t\t\t\t\t<img loading=\"lazy\" decoding=\"async\" width=\"150\" height=\"150\" src=\"https:\/\/dev2.bpcc.org.pl\/wp-content\/uploads\/2026\/02\/Mateusz-Krupczynski-150x150.jpg\" class=\"attachment-thumbnail size-thumbnail wp-image-68722\" alt=\"\" srcset=\"https:\/\/dev2.bpcc.org.pl\/wp-content\/uploads\/2026\/02\/Mateusz-Krupczynski-150x150.jpg 150w, https:\/\/dev2.bpcc.org.pl\/wp-content\/uploads\/2026\/02\/Mateusz-Krupczynski-300x300.jpg 300w, https:\/\/dev2.bpcc.org.pl\/wp-content\/uploads\/2026\/02\/Mateusz-Krupczynski-768x768.jpg 768w, https:\/\/dev2.bpcc.org.pl\/wp-content\/uploads\/2026\/02\/Mateusz-Krupczynski-500x500.jpg 500w, https:\/\/dev2.bpcc.org.pl\/wp-content\/uploads\/2026\/02\/Mateusz-Krupczynski-440x440.jpg 440w, https:\/\/dev2.bpcc.org.pl\/wp-content\/uploads\/2026\/02\/Mateusz-Krupczynski-24x24.jpg 24w, https:\/\/dev2.bpcc.org.pl\/wp-content\/uploads\/2026\/02\/Mateusz-Krupczynski-48x48.jpg 48w, https:\/\/dev2.bpcc.org.pl\/wp-content\/uploads\/2026\/02\/Mateusz-Krupczynski-96x96.jpg 96w, https:\/\/dev2.bpcc.org.pl\/wp-content\/uploads\/2026\/02\/Mateusz-Krupczynski.jpg 800w\" sizes=\"auto, (max-width: 150px) 100vw, 150px\" \/>\t\t\t\t\t\t\t\t\t\t\t\t\t\t\t<\/div>\n\t\t\t\t<\/div>\n\t\t\t\t\t<\/div>\n\t\t<\/div>\n\t\t\t\t<div class=\"elementor-column elementor-col-33 elementor-top-column elementor-element elementor-element-67fb230\" data-id=\"67fb230\" data-element_type=\"column\" data-settings=\"{&quot;background_background&quot;:&quot;classic&quot;}\">\n\t\t\t<div class=\"elementor-widget-wrap elementor-element-populated\">\n\t\t\t\t\t\t\t\t<div class=\"elementor-element elementor-element-40af577 elementor-widget elementor-widget-text-editor\" data-id=\"40af577\" data-element_type=\"widget\" data-widget_type=\"text-editor.default\">\n\t\t\t\t<div class=\"elementor-widget-container\">\n\t\t\t\t\t\t\t<p>Mateusz Krupczy\u0144ski jest ekspertem w obszarze relacji korporacyjnych i polityki publicznej z ponad dziesi\u0119cioletnim do\u015bwiadczeniem zdobytym na styku biznesu, administracji publicznej i spraw mi\u0119dzynarodowych. Obecnie pe\u0142ni funkcj\u0119 Head of Corporate Relations w Diageo w Polsce, gdzie odpowiada za strategi\u0119 relacji z administracj\u0105 publiczn\u0105, dialog regulacyjny oraz wsp\u00f3\u0142prac\u0119 z organizacjami bran\u017cowymi i kluczowymi partnerami instytucjonalnymi.<\/p><p>Wcze\u015bniej odpowiada\u0142 za programy public policy w regionie Europy \u015arodkowo-Wschodniej w firmie Meta, prowadz\u0105c dialog z rz\u0105dami i regulatorami w zakresie polityk cyfrowych i technologicznych. Do\u015bwiadczenie w administracji publicznej zdobywa\u0142 jako doradca w Ministerstwie Gospodarki oraz w Kancelarii Prezesa Rady Ministr\u00f3w, przygotowuj\u0105c analizy i rekomendacje dla najwy\u017cszych przedstawicieli rz\u0105du. Kierowa\u0142 r\u00f3wnie\u017c Programem Transatlantyckim w Fundacji Kulskiego, rozwijaj\u0105c wsp\u00f3\u0142prac\u0119 eksperck\u0105 w obszarze relacji euroatlantyckich.<\/p><p>Absolwent Keele University oraz University of Dundee w Wielkiej Brytanii, posiada siln\u0105 perspektyw\u0119 brytyjsko-polsk\u0105 oraz mi\u0119dzynarodow\u0105. Jego do\u015bwiadczenie obejmuje budowanie most\u00f3w mi\u0119dzy biznesem a administracj\u0105 publiczn\u0105 oraz wspieranie stabilnego i przewidywalnego otoczenia regulacyjnego sprzyjaj\u0105cego inwestycjom i rozwojowi wsp\u00f3\u0142pracy gospodarczej mi\u0119dzy Polsk\u0105 a Wielk\u0105 Brytani\u0105.<\/p>\t\t\t\t\t\t<\/div>\n\t\t\t\t<\/div>\n\t\t\t\t\t<\/div>\n\t\t<\/div>\n\t\t\t\t<div class=\"elementor-column elementor-col-33 elementor-top-column elementor-element elementor-element-52ac9b9\" data-id=\"52ac9b9\" data-element_type=\"column\" data-settings=\"{&quot;background_background&quot;:&quot;classic&quot;}\">\n\t\t\t<div class=\"elementor-widget-wrap elementor-element-populated\">\n\t\t\t\t\t\t\t\t<div class=\"elementor-element elementor-element-51b6390 elementor-widget elementor-widget-text-editor\" data-id=\"51b6390\" data-element_type=\"widget\" data-widget_type=\"text-editor.default\">\n\t\t\t\t<div class=\"elementor-widget-container\">\n\t\t\t\t\t\t\t<h4 class=\"name\"><span style=\"color: #ffffff;\">Mateusz Krupczy\u0144ski<\/span><\/h4><div class=\"bpcc-position\"><p><strong>Doradca Zarz\u0105du<\/strong><\/p><p>Head of Corporate Relations,\u00a0<br \/>Diageo Polska<strong><br \/><\/strong><br \/>ul. Przyokopowa 31<br \/>01-208 Warszawa<\/p><\/div>\t\t\t\t\t\t<\/div>\n\t\t\t\t<\/div>\n\t\t\t\t\t<\/div>\n\t\t<\/div>\n\t\t\t\t\t\t\t<\/div>\n\t\t<\/section>\n\t\t\t\t<section class=\"elementor-section elementor-top-section elementor-element elementor-element-3895dca elementor-section-boxed elementor-section-height-default elementor-section-height-default\" data-id=\"3895dca\" data-element_type=\"section\">\n\t\t\t\t\t\t<div class=\"elementor-container elementor-column-gap-default\">\n\t\t\t\t\t<div class=\"elementor-column elementor-col-33 elementor-top-column elementor-element elementor-element-590f6c1\" data-id=\"590f6c1\" data-element_type=\"column\" data-settings=\"{&quot;background_background&quot;:&quot;classic&quot;}\">\n\t\t\t<div class=\"elementor-widget-wrap elementor-element-populated\">\n\t\t\t\t\t\t\t\t<div class=\"elementor-element elementor-element-78fd629 elementor-widget elementor-widget-image\" data-id=\"78fd629\" data-element_type=\"widget\" data-widget_type=\"image.default\">\n\t\t\t\t<div class=\"elementor-widget-container\">\n\t\t\t\t\t\t\t\t\t\t\t\t\t\t\t<img loading=\"lazy\" decoding=\"async\" width=\"150\" height=\"150\" src=\"https:\/\/dev2.bpcc.org.pl\/wp-content\/uploads\/2025\/10\/Sandra-Piotrowska_res-150x150.jpg\" class=\"attachment-thumbnail size-thumbnail wp-image-65752\" alt=\"\" srcset=\"https:\/\/dev2.bpcc.org.pl\/wp-content\/uploads\/2025\/10\/Sandra-Piotrowska_res-150x150.jpg 150w, https:\/\/dev2.bpcc.org.pl\/wp-content\/uploads\/2025\/10\/Sandra-Piotrowska_res-300x300.jpg 300w, https:\/\/dev2.bpcc.org.pl\/wp-content\/uploads\/2025\/10\/Sandra-Piotrowska_res-24x24.jpg 24w, https:\/\/dev2.bpcc.org.pl\/wp-content\/uploads\/2025\/10\/Sandra-Piotrowska_res-48x48.jpg 48w, https:\/\/dev2.bpcc.org.pl\/wp-content\/uploads\/2025\/10\/Sandra-Piotrowska_res-96x96.jpg 96w, https:\/\/dev2.bpcc.org.pl\/wp-content\/uploads\/2025\/10\/Sandra-Piotrowska_res.jpg 400w\" sizes=\"auto, (max-width: 150px) 100vw, 150px\" \/>\t\t\t\t\t\t\t\t\t\t\t\t\t\t\t<\/div>\n\t\t\t\t<\/div>\n\t\t\t\t\t<\/div>\n\t\t<\/div>\n\t\t\t\t<div class=\"elementor-column elementor-col-33 elementor-top-column elementor-element elementor-element-2e6e908\" data-id=\"2e6e908\" data-element_type=\"column\" data-settings=\"{&quot;background_background&quot;:&quot;classic&quot;}\">\n\t\t\t<div class=\"elementor-widget-wrap elementor-element-populated\">\n\t\t\t\t\t\t\t\t<div class=\"elementor-element elementor-element-8a97ad4 elementor-widget elementor-widget-text-editor\" data-id=\"8a97ad4\" data-element_type=\"widget\" data-widget_type=\"text-editor.default\">\n\t\t\t\t<div class=\"elementor-widget-container\">\n\t\t\t\t\t\t\t<p>Sandra Piotrowska, jako Dyrektor ds. Spraw Publicznych w InPost Group, odpowiada za kluczowe obszary zwi\u0105zane ze strategi\u0105 firmy w public affairs, budowaniem relacji z interesariuszami oraz zarz\u0105dzaniem kwestiami regulacyjnymi w Polsce i na poziomie europejskim.<br \/>Jej bogate do\u015bwiadczenie zawodowe obejmuje kierownicze stanowiska w obszarze rozwoju mi\u0119dzynarodowego biznesu, bezpo\u015brednich inwestycji zagranicznych oraz promocji handlu. Przed do\u0142\u0105czeniem do InPost, Sandra pe\u0142ni\u0142a funkcj\u0119 Zast\u0119pcy Dyrektora ds. Polskich Inwestycji w Wielkiej Brytanii oraz Dyrektora ds. Strategicznych Inwestycji Zagranicznych w Europie \u015arodkowej w Ambasadzie Brytyjskiej w Warszawie, gdzie wspiera\u0142a najwi\u0119ksze firmy regionu w ekspansji na rynek brytyjski. Wcze\u015bniej zdobywa\u0142a do\u015bwiadczenie w Tajwa\u0144skiej Radzie Rozwoju Handlu Zagranicznego, co dodatkowo wzbogaca jej mi\u0119dzynarodow\u0105 perspektyw\u0119.<br \/>Sandra jest magistrem zarz\u0105dzania strategicznego i dyplomacji publicznej, a tak\u017ce posiada mi\u0119dzynarodowy certyfikat Project Management Professional (PMP). Jest aktywnie zaanga\u017cowana w mi\u0119dzynarodowe sieci biznesowe i polityczne, co \u015bwiadczy o jej szerokich kontaktach i umiej\u0119tno\u015bci budowania strategicznych relacji.<\/p>\t\t\t\t\t\t<\/div>\n\t\t\t\t<\/div>\n\t\t\t\t\t<\/div>\n\t\t<\/div>\n\t\t\t\t<div class=\"elementor-column elementor-col-33 elementor-top-column elementor-element elementor-element-1e012f9\" data-id=\"1e012f9\" data-element_type=\"column\" data-settings=\"{&quot;background_background&quot;:&quot;classic&quot;}\">\n\t\t\t<div class=\"elementor-widget-wrap elementor-element-populated\">\n\t\t\t\t\t\t\t\t<div class=\"elementor-element elementor-element-261c36d elementor-widget elementor-widget-text-editor\" data-id=\"261c36d\" data-element_type=\"widget\" data-widget_type=\"text-editor.default\">\n\t\t\t\t<div class=\"elementor-widget-container\">\n\t\t\t\t\t\t\t<h4 class=\"name\"><span style=\"color: #ffffff;\">Sandra Piotrowska<\/span><\/h4><div class=\"bpcc-position\"><p><strong>Doradczyni Zarz\u0105du<\/strong><\/p><p>Head of Public Affairs, InPost Group<strong><br \/><\/strong><br \/>ul. Czerniakowska 87a<br \/>00-718 Warszawa<\/p><\/div>\t\t\t\t\t\t<\/div>\n\t\t\t\t<\/div>\n\t\t\t\t\t<\/div>\n\t\t<\/div>\n\t\t\t\t\t\t\t<\/div>\n\t\t<\/section>\n\t\t\t\t<section class=\"elementor-section elementor-top-section elementor-element elementor-element-d81e919 elementor-section-boxed elementor-section-height-default elementor-section-height-default\" data-id=\"d81e919\" data-element_type=\"section\">\n\t\t\t\t\t\t<div class=\"elementor-container elementor-column-gap-default\">\n\t\t\t\t\t<div class=\"elementor-column elementor-col-33 elementor-top-column elementor-element elementor-element-e4173fe\" data-id=\"e4173fe\" data-element_type=\"column\" data-settings=\"{&quot;background_background&quot;:&quot;classic&quot;}\">\n\t\t\t<div class=\"elementor-widget-wrap elementor-element-populated\">\n\t\t\t\t\t\t\t\t<div class=\"elementor-element elementor-element-d4f4ba5 elementor-widget elementor-widget-image\" data-id=\"d4f4ba5\" data-element_type=\"widget\" data-widget_type=\"image.default\">\n\t\t\t\t<div class=\"elementor-widget-container\">\n\t\t\t\t\t\t\t\t\t\t\t\t\t\t\t<img loading=\"lazy\" decoding=\"async\" width=\"150\" height=\"150\" src=\"https:\/\/dev2.bpcc.org.pl\/wp-content\/uploads\/2022\/11\/Adam-Uszpolewicz-portal-150x150.jpg\" class=\"attachment-thumbnail size-thumbnail wp-image-19063\" alt=\"\" srcset=\"https:\/\/dev2.bpcc.org.pl\/wp-content\/uploads\/2022\/11\/Adam-Uszpolewicz-portal-150x150.jpg 150w, https:\/\/dev2.bpcc.org.pl\/wp-content\/uploads\/2022\/11\/Adam-Uszpolewicz-portal.jpg 300w, https:\/\/dev2.bpcc.org.pl\/wp-content\/uploads\/2022\/11\/Adam-Uszpolewicz-portal-24x24.jpg 24w, https:\/\/dev2.bpcc.org.pl\/wp-content\/uploads\/2022\/11\/Adam-Uszpolewicz-portal-48x48.jpg 48w, https:\/\/dev2.bpcc.org.pl\/wp-content\/uploads\/2022\/11\/Adam-Uszpolewicz-portal-96x96.jpg 96w\" sizes=\"auto, (max-width: 150px) 100vw, 150px\" \/>\t\t\t\t\t\t\t\t\t\t\t\t\t\t\t<\/div>\n\t\t\t\t<\/div>\n\t\t\t\t\t<\/div>\n\t\t<\/div>\n\t\t\t\t<div class=\"elementor-column elementor-col-33 elementor-top-column elementor-element elementor-element-e6a1d5a\" data-id=\"e6a1d5a\" data-element_type=\"column\" data-settings=\"{&quot;background_background&quot;:&quot;classic&quot;}\">\n\t\t\t<div class=\"elementor-widget-wrap elementor-element-populated\">\n\t\t\t\t\t\t\t\t<div class=\"elementor-element elementor-element-02f429e elementor-widget elementor-widget-text-editor\" data-id=\"02f429e\" data-element_type=\"widget\" data-widget_type=\"text-editor.default\">\n\t\t\t\t<div class=\"elementor-widget-container\">\n\t\t\t\t\t\t\t<p>Adam is a senior financial services executive with 30 years of experience in insurance, asset management and banking markets both in Poland and internationally. He successfully developed and led several companies. In the last 15 years he worked for Aviva, recently as CEO of the Polish business. Before that he was responsible for sales and marketing for Aviva\u2019s European and Asian regions. Prior to joining Aviva he was CEO of Nationwide\u2019s European business based in Luxembourg. He held numerous board positions in financial services companies in Poland, UK, France, Ireland, Turkey and Luxembourg. He also has experience in consulting and investment banking.<\/p><p>Adam has a degree in economics from Copenhagen University. He is also a chartered accountant.<\/p>\t\t\t\t\t\t<\/div>\n\t\t\t\t<\/div>\n\t\t\t\t\t<\/div>\n\t\t<\/div>\n\t\t\t\t<div class=\"elementor-column elementor-col-33 elementor-top-column elementor-element elementor-element-44d5314\" data-id=\"44d5314\" data-element_type=\"column\" data-settings=\"{&quot;background_background&quot;:&quot;classic&quot;}\">\n\t\t\t<div class=\"elementor-widget-wrap elementor-element-populated\">\n\t\t\t\t\t\t\t\t<div class=\"elementor-element elementor-element-475ac71 elementor-widget elementor-widget-text-editor\" data-id=\"475ac71\" data-element_type=\"widget\" data-widget_type=\"text-editor.default\">\n\t\t\t\t<div class=\"elementor-widget-container\">\n\t\t\t\t\t\t\t<h4 class=\"name\"><span style=\"color: #ffffff;\">Adam Uszpolewicz<br \/><\/span><\/h4><div class=\"bpcc-position\"><p><strong>Doradca Zarz\u0105du<\/strong><\/p><\/div>\t\t\t\t\t\t<\/div>\n\t\t\t\t<\/div>\n\t\t\t\t\t<\/div>\n\t\t<\/div>\n\t\t\t\t\t\t\t<\/div>\n\t\t<\/section>\n\t\t\t\t<section class=\"elementor-section elementor-top-section elementor-element elementor-element-f59d8a9 elementor-section-boxed elementor-section-height-default elementor-section-height-default\" data-id=\"f59d8a9\" data-element_type=\"section\">\n\t\t\t\t\t\t<div class=\"elementor-container elementor-column-gap-default\">\n\t\t\t\t\t<div class=\"elementor-column elementor-col-33 elementor-top-column elementor-element elementor-element-6e65319\" data-id=\"6e65319\" data-element_type=\"column\" data-settings=\"{&quot;background_background&quot;:&quot;classic&quot;}\">\n\t\t\t<div class=\"elementor-widget-wrap elementor-element-populated\">\n\t\t\t\t\t\t\t\t<div class=\"elementor-element elementor-element-cda5a0f elementor-widget elementor-widget-image\" data-id=\"cda5a0f\" data-element_type=\"widget\" data-widget_type=\"image.default\">\n\t\t\t\t<div class=\"elementor-widget-container\">\n\t\t\t\t\t\t\t\t\t\t\t\t\t\t\t<img loading=\"lazy\" decoding=\"async\" width=\"150\" height=\"150\" src=\"https:\/\/dev2.bpcc.org.pl\/wp-content\/uploads\/2026\/02\/Wilczek_foto-1-150x150.jpg\" class=\"attachment-thumbnail size-thumbnail wp-image-68664\" alt=\"\" srcset=\"https:\/\/dev2.bpcc.org.pl\/wp-content\/uploads\/2026\/02\/Wilczek_foto-1-150x150.jpg 150w, https:\/\/dev2.bpcc.org.pl\/wp-content\/uploads\/2026\/02\/Wilczek_foto-1-300x300.jpg 300w, https:\/\/dev2.bpcc.org.pl\/wp-content\/uploads\/2026\/02\/Wilczek_foto-1-500x500.jpg 500w, https:\/\/dev2.bpcc.org.pl\/wp-content\/uploads\/2026\/02\/Wilczek_foto-1-440x440.jpg 440w, https:\/\/dev2.bpcc.org.pl\/wp-content\/uploads\/2026\/02\/Wilczek_foto-1-24x24.jpg 24w, https:\/\/dev2.bpcc.org.pl\/wp-content\/uploads\/2026\/02\/Wilczek_foto-1-48x48.jpg 48w, https:\/\/dev2.bpcc.org.pl\/wp-content\/uploads\/2026\/02\/Wilczek_foto-1-96x96.jpg 96w, https:\/\/dev2.bpcc.org.pl\/wp-content\/uploads\/2026\/02\/Wilczek_foto-1.jpg 545w\" sizes=\"auto, (max-width: 150px) 100vw, 150px\" \/>\t\t\t\t\t\t\t\t\t\t\t\t\t\t\t<\/div>\n\t\t\t\t<\/div>\n\t\t\t\t\t<\/div>\n\t\t<\/div>\n\t\t\t\t<div class=\"elementor-column elementor-col-33 elementor-top-column elementor-element elementor-element-334f9c8\" data-id=\"334f9c8\" data-element_type=\"column\" data-settings=\"{&quot;background_background&quot;:&quot;classic&quot;}\">\n\t\t\t<div class=\"elementor-widget-wrap elementor-element-populated\">\n\t\t\t\t\t\t\t\t<div class=\"elementor-element elementor-element-da59b80 elementor-widget elementor-widget-text-editor\" data-id=\"da59b80\" data-element_type=\"widget\" data-widget_type=\"text-editor.default\">\n\t\t\t\t<div class=\"elementor-widget-container\">\n\t\t\t\t\t\t\t<p>Profesor Piotr Wilczek jest naukowcem i dyplomat\u0105. Pe\u0142ni\u0142 funkcj\u0119 Ambasadora Rzeczypospolitej Polskiej w Wielkiej Brytanii (2022\u20132025), a wcze\u015bniej w Stanach Zjednoczonych (2016\u20132021), z jednoczesn\u0105 akredytacj\u0105 we Wsp\u00f3lnocie Baham\u00f3w (2017\u20132021).<br \/><br \/>Profesor Wilczek posiada rozleg\u0142e do\u015bwiadczenie w dyplomacji ekonomicznej, dialogu inwestycyjnym oraz w obszarze infrastruktury strategicznej, w tym w zakresie bezpiecze\u0144stwa energetycznego i dywersyfikacji \u017ar\u00f3de\u0142 energii. Wspiera\u0142 liczne inicjatywy wzmacniaj\u0105ce relacje polsko-brytyjskie i polsko-ameryka\u0144skie, a za promocj\u0119 polskich interes\u00f3w gospodarczych za granic\u0105 zosta\u0142 uhonorowany nagrod\u0105 Amicus Oeconomiae przyznawan\u0105 przez Ministra Spraw Zagranicznych.<br \/><br \/>Przed rozpocz\u0119ciem kariery dyplomatycznej pe\u0142ni\u0142 funkcje kierownicze w szkolnictwie wy\u017cszym i zarz\u0105dzaniu nauk\u0105, m.in. jako dyrektor Kolegium Artes Liberales Uniwersytetu Warszawskiego oraz dziekan Wydzia\u0142u Filologicznego Uniwersytetu \u015al\u0105skiego. Prowadzi\u0142 badania naukowe i by\u0142 profesorem wizytuj\u0105cym w takich o\u015brodkach jak Oxford, University of London, University of Chicago oraz Rice University.<\/p>\t\t\t\t\t\t<\/div>\n\t\t\t\t<\/div>\n\t\t\t\t\t<\/div>\n\t\t<\/div>\n\t\t\t\t<div class=\"elementor-column elementor-col-33 elementor-top-column elementor-element elementor-element-6548b49\" data-id=\"6548b49\" data-element_type=\"column\" data-settings=\"{&quot;background_background&quot;:&quot;classic&quot;}\">\n\t\t\t<div class=\"elementor-widget-wrap elementor-element-populated\">\n\t\t\t\t\t\t\t\t<div class=\"elementor-element elementor-element-8634745 elementor-widget elementor-widget-text-editor\" data-id=\"8634745\" data-element_type=\"widget\" data-widget_type=\"text-editor.default\">\n\t\t\t\t<div class=\"elementor-widget-container\">\n\t\t\t\t\t\t\t<h4 class=\"name\"><span style=\"color: #ffffff;\">Piotr Wilczek<\/span><\/h4><div class=\"bpcc-position\"><p><strong>Doradca Zarz\u0105du<\/strong><\/p><\/div>\t\t\t\t\t\t<\/div>\n\t\t\t\t<\/div>\n\t\t\t\t\t<\/div>\n\t\t<\/div>\n\t\t\t\t\t\t\t<\/div>\n\t\t<\/section>\n\t\t\t\t<section class=\"elementor-section elementor-top-section elementor-element elementor-element-d9ff624 elementor-section-boxed elementor-section-height-default elementor-section-height-default\" data-id=\"d9ff624\" data-element_type=\"section\">\n\t\t\t\t\t\t<div class=\"elementor-container elementor-column-gap-default\">\n\t\t\t\t\t<div class=\"elementor-column elementor-col-100 elementor-top-column elementor-element elementor-element-d3d8d3a\" data-id=\"d3d8d3a\" data-element_type=\"column\">\n\t\t\t<div class=\"elementor-widget-wrap elementor-element-populated\">\n\t\t\t\t\t\t\t\t<div class=\"elementor-element elementor-element-1a9ec64 elementor-widget-divider--view-line elementor-widget elementor-widget-divider\" data-id=\"1a9ec64\" data-element_type=\"widget\" data-widget_type=\"divider.default\">\n\t\t\t\t<div class=\"elementor-widget-container\">\n\t\t\t<style>\/*! elementor - v3.14.0 - 26-06-2023 *\/\n.elementor-widget-divider{--divider-border-style:none;--divider-border-width:1px;--divider-color:#0c0d0e;--divider-icon-size:20px;--divider-element-spacing:10px;--divider-pattern-height:24px;--divider-pattern-size:20px;--divider-pattern-url:none;--divider-pattern-repeat:repeat-x}.elementor-widget-divider .elementor-divider{display:flex}.elementor-widget-divider .elementor-divider__text{font-size:15px;line-height:1;max-width:95%}.elementor-widget-divider .elementor-divider__element{margin:0 var(--divider-element-spacing);flex-shrink:0}.elementor-widget-divider .elementor-icon{font-size:var(--divider-icon-size)}.elementor-widget-divider .elementor-divider-separator{display:flex;margin:0;direction:ltr}.elementor-widget-divider--view-line_icon .elementor-divider-separator,.elementor-widget-divider--view-line_text .elementor-divider-separator{align-items:center}.elementor-widget-divider--view-line_icon .elementor-divider-separator:after,.elementor-widget-divider--view-line_icon .elementor-divider-separator:before,.elementor-widget-divider--view-line_text .elementor-divider-separator:after,.elementor-widget-divider--view-line_text .elementor-divider-separator:before{display:block;content:\"\";border-bottom:0;flex-grow:1;border-top:var(--divider-border-width) var(--divider-border-style) var(--divider-color)}.elementor-widget-divider--element-align-left .elementor-divider .elementor-divider-separator>.elementor-divider__svg:first-of-type{flex-grow:0;flex-shrink:100}.elementor-widget-divider--element-align-left .elementor-divider-separator:before{content:none}.elementor-widget-divider--element-align-left .elementor-divider__element{margin-left:0}.elementor-widget-divider--element-align-right .elementor-divider .elementor-divider-separator>.elementor-divider__svg:last-of-type{flex-grow:0;flex-shrink:100}.elementor-widget-divider--element-align-right .elementor-divider-separator:after{content:none}.elementor-widget-divider--element-align-right .elementor-divider__element{margin-right:0}.elementor-widget-divider:not(.elementor-widget-divider--view-line_text):not(.elementor-widget-divider--view-line_icon) .elementor-divider-separator{border-top:var(--divider-border-width) var(--divider-border-style) var(--divider-color)}.elementor-widget-divider--separator-type-pattern{--divider-border-style:none}.elementor-widget-divider--separator-type-pattern.elementor-widget-divider--view-line .elementor-divider-separator,.elementor-widget-divider--separator-type-pattern:not(.elementor-widget-divider--view-line) .elementor-divider-separator:after,.elementor-widget-divider--separator-type-pattern:not(.elementor-widget-divider--view-line) .elementor-divider-separator:before,.elementor-widget-divider--separator-type-pattern:not([class*=elementor-widget-divider--view]) .elementor-divider-separator{width:100%;min-height:var(--divider-pattern-height);-webkit-mask-size:var(--divider-pattern-size) 100%;mask-size:var(--divider-pattern-size) 100%;-webkit-mask-repeat:var(--divider-pattern-repeat);mask-repeat:var(--divider-pattern-repeat);background-color:var(--divider-color);-webkit-mask-image:var(--divider-pattern-url);mask-image:var(--divider-pattern-url)}.elementor-widget-divider--no-spacing{--divider-pattern-size:auto}.elementor-widget-divider--bg-round{--divider-pattern-repeat:round}.rtl .elementor-widget-divider .elementor-divider__text{direction:rtl}.e-con-inner>.elementor-widget-divider,.e-con>.elementor-widget-divider{width:var(--container-widget-width,100%);--flex-grow:var(--container-widget-flex-grow)}<\/style>\t\t<div class=\"elementor-divider\">\n\t\t\t<span class=\"elementor-divider-separator\">\n\t\t\t\t\t\t<\/span>\n\t\t<\/div>\n\t\t\t\t<\/div>\n\t\t\t\t<\/div>\n\t\t\t\t\t<\/div>\n\t\t<\/div>\n\t\t\t\t\t\t\t<\/div>\n\t\t<\/section>\n\t\t\t\t<section class=\"elementor-section elementor-top-section elementor-element elementor-element-0ee0286 elementor-section-boxed elementor-section-height-default elementor-section-height-default\" data-id=\"0ee0286\" data-element_type=\"section\">\n\t\t\t\t\t\t<div class=\"elementor-container elementor-column-gap-default\">\n\t\t\t\t\t<div class=\"elementor-column elementor-col-50 elementor-top-column elementor-element elementor-element-badaaf5\" data-id=\"badaaf5\" data-element_type=\"column\">\n\t\t\t<div class=\"elementor-widget-wrap elementor-element-populated\">\n\t\t\t\t\t\t\t\t<div class=\"elementor-element elementor-element-fa2ac84 elementor-widget elementor-widget-heading\" data-id=\"fa2ac84\" data-element_type=\"widget\" data-widget_type=\"heading.default\">\n\t\t\t\t<div class=\"elementor-widget-container\">\n\t\t\t<style>\/*! elementor - v3.14.0 - 26-06-2023 *\/\n.elementor-heading-title{padding:0;margin:0;line-height:1}.elementor-widget-heading .elementor-heading-title[class*=elementor-size-]>a{color:inherit;font-size:inherit;line-height:inherit}.elementor-widget-heading .elementor-heading-title.elementor-size-small{font-size:15px}.elementor-widget-heading .elementor-heading-title.elementor-size-medium{font-size:19px}.elementor-widget-heading .elementor-heading-title.elementor-size-large{font-size:29px}.elementor-widget-heading .elementor-heading-title.elementor-size-xl{font-size:39px}.elementor-widget-heading .elementor-heading-title.elementor-size-xxl{font-size:59px}<\/style><h3 class=\"elementor-heading-title elementor-size-default\"><a href=\"\/wp-content\/uploads\/2025\/04\/PL_Statut_BPCC_15.09.2022.pdf\">Statut Brytyjsko-Polskiej Izby Handlowej<\/a><\/h3>\t\t<\/div>\n\t\t\t\t<\/div>\n\t\t\t\t\t<\/div>\n\t\t<\/div>\n\t\t\t\t<div class=\"elementor-column elementor-col-50 elementor-top-column elementor-element elementor-element-8f8c237\" data-id=\"8f8c237\" data-element_type=\"column\">\n\t\t\t<div class=\"elementor-widget-wrap elementor-element-populated\">\n\t\t\t\t\t\t\t\t<div class=\"elementor-element elementor-element-2d981dd elementor-widget elementor-widget-heading\" data-id=\"2d981dd\" data-element_type=\"widget\" data-widget_type=\"heading.default\">\n\t\t\t\t<div class=\"elementor-widget-container\">\n\t\t\t<h3 class=\"elementor-heading-title elementor-size-default\"><a href=\"\/wp-content\/uploads\/2026\/02\/PL_2026_02_04_-BPCC_advisors.pdf\">Nota wyja\u015bniaj\u0105ca dotycz\u0105ca Doradc\u00f3w Zarz\u0105du BPCC\n<\/a><\/h3>\t\t<\/div>\n\t\t\t\t<\/div>\n\t\t\t\t\t<\/div>\n\t\t<\/div>\n\t\t\t\t\t\t\t<\/div>\n\t\t<\/section>\n\t\t\t\t\t\t\t<\/div>\n\t\t","protected":false},"excerpt":{"rendered":"<p>Zarz\u0105d BPCC Michal is BP\u2019s Poland Head of Country and a member of the BP Communications &amp; External Affairs Europe leadership team. He is responsible for integration and coherence of all BP activities in Poland, relations with key stakeholders and cooperation with both state and local government authorities and non-governmental organisations. He also manages corporate [&hellip;]<\/p>\n","protected":false},"author":1,"featured_media":2508,"parent":0,"menu_order":0,"comment_status":"closed","ping_status":"closed","template":"page-template-fullwidth.php","meta":{"_et_pb_use_builder":"off","_et_pb_old_content":"<style>\/*! elementor - v3.14.0 - 26-06-2023 *\/\n.elementor-widget-image{text-align:center}.elementor-widget-image a{display:inline-block}.elementor-widget-image a img[src$=\".svg\"]{width:48px}.elementor-widget-image img{vertical-align:middle;display:inline-block}<\/style>\t\t\t\t\t\t\t\t\t\t\t\t<img width=\"1024\" height=\"354\" src=\"https:\/\/bpcc.org.pl\/wp-content\/uploads\/2022\/09\/BR-1024x354.jpg\" alt=\"\" loading=\"lazy\" srcset=\"https:\/\/bpcc.org.pl\/wp-content\/uploads\/2022\/09\/BR-1024x354.jpg 1024w, https:\/\/bpcc.org.pl\/wp-content\/uploads\/2022\/09\/BR-300x104.jpg 300w, https:\/\/bpcc.org.pl\/wp-content\/uploads\/2022\/09\/BR-768x265.jpg 768w, https:\/\/bpcc.org.pl\/wp-content\/uploads\/2022\/09\/BR-1536x530.jpg 1536w, https:\/\/bpcc.org.pl\/wp-content\/uploads\/2022\/09\/BR-1080x373.jpg 1080w, https:\/\/bpcc.org.pl\/wp-content\/uploads\/2022\/09\/BR.jpg 1920w\" sizes=\"auto, (max-width: 1024px) 100vw, 1024px\" \/>\t\t\t\t\t\t\t\t\t\t\t\t\t\t\t\n\t\t\t<h1>\n\t\t\t\t\tZarz\u0105d BPCC\n\t\t\t\t<\/h1>\t\t\n\t\t\t\t\t\t\t\t\t\t\t\t\t\t\t<img width=\"150\" height=\"150\" src=\"https:\/\/bpcc.org.pl\/wp-content\/uploads\/2022\/09\/Michal-Obiegala-zdj_www-150x150.jpg\" alt=\"\" loading=\"lazy\" srcset=\"https:\/\/bpcc.org.pl\/wp-content\/uploads\/2022\/09\/Michal-Obiegala-zdj_www-150x150.jpg 150w, https:\/\/bpcc.org.pl\/wp-content\/uploads\/2022\/09\/Michal-Obiegala-zdj_www-300x300.jpg 300w, https:\/\/bpcc.org.pl\/wp-content\/uploads\/2022\/09\/Michal-Obiegala-zdj_www-1024x1024.jpg 1024w, https:\/\/bpcc.org.pl\/wp-content\/uploads\/2022\/09\/Michal-Obiegala-zdj_www-768x768.jpg 768w, https:\/\/bpcc.org.pl\/wp-content\/uploads\/2022\/09\/Michal-Obiegala-zdj_www-1080x1080.jpg 1080w, https:\/\/bpcc.org.pl\/wp-content\/uploads\/2022\/09\/Michal-Obiegala-zdj_www-440x440.jpg 440w, https:\/\/bpcc.org.pl\/wp-content\/uploads\/2022\/09\/Michal-Obiegala-zdj_www-24x24.jpg 24w, https:\/\/bpcc.org.pl\/wp-content\/uploads\/2022\/09\/Michal-Obiegala-zdj_www-48x48.jpg 48w, https:\/\/bpcc.org.pl\/wp-content\/uploads\/2022\/09\/Michal-Obiegala-zdj_www-96x96.jpg 96w, https:\/\/bpcc.org.pl\/wp-content\/uploads\/2022\/09\/Michal-Obiegala-zdj_www.jpg 1433w\" sizes=\"auto, (max-width: 150px) 100vw, 150px\" \/>\t\t\t\t\t\t\t\t\t\t\t\t\t\t\t\n\t\t<p>Michal is BP\u2019s Poland Head of Country and a member of the BP Communications &amp; External Affairs Europe leadership team. He is responsible for integration and coherence of all BP activities in Poland, relations with key stakeholders and cooperation with both state and local government authorities and non-governmental organisations. He also manages corporate affairs, communications, social performance and regulatory advocacy for bp in Poland, Nordics and Baltics.<\/p><p>Micha\u0142 joined the Polish operations of BP in April 2018. Prior to joining BP, Micha\u0142 held several positions in corporate affairs, public policy and legal, including Liberty Global CEE operations, Clifford Chance, Dentons and the European Commission. Micha\u0142 graduated in law and holds a master\u2019s degree in law from the Adam Mickiewicz University of Pozna\u0144. He also holds a postgraduate degree in European Advanced Studies from the College of Europe. He is a legal advisor admitted to practice in the EU.<\/p><p>Outside of his professional duties, he takes a keen interest in travelling, foreign languages, and intercultural exploration.<\/p><h4><strong>Micha\u0142 Obiega\u0142a<br \/><\/strong><\/h4><p><strong><strong>Przewodnicz\u0105cy Zarz\u0105du<br \/><\/strong><\/strong><\/p><strong>BP Europa SE, Oddzia\u0142 w Polsce<\/strong>ul. Pawia 9<br \/>31-154 Krak\u00f3w\t\t\n\t\t\t\t\t\t\t\t\t\t\t\t\t\t\t<img width=\"150\" height=\"150\" src=\"https:\/\/bpcc.org.pl\/wp-content\/uploads\/2022\/09\/dariusz-kucharski-2022_portal-150x150.jpg\" alt=\"\" loading=\"lazy\" srcset=\"https:\/\/bpcc.org.pl\/wp-content\/uploads\/2022\/09\/dariusz-kucharski-2022_portal-150x150.jpg 150w, https:\/\/bpcc.org.pl\/wp-content\/uploads\/2022\/09\/dariusz-kucharski-2022_portal-24x24.jpg 24w, https:\/\/bpcc.org.pl\/wp-content\/uploads\/2022\/09\/dariusz-kucharski-2022_portal-48x48.jpg 48w, https:\/\/bpcc.org.pl\/wp-content\/uploads\/2022\/09\/dariusz-kucharski-2022_portal-96x96.jpg 96w, https:\/\/bpcc.org.pl\/wp-content\/uploads\/2022\/09\/dariusz-kucharski-2022_portal.jpg 206w\" sizes=\"auto, (max-width: 150px) 100vw, 150px\" \/>\t\t\t\t\t\t\t\t\t\t\t\t\t\t\t\n\t\t<p>Dariusz Kucharski is currently the Country CEO of HSBC Poland. In this role, he leads wholesale banking business that provides investment and financial solutions to corporate, government and institutional clients. Dariusz has been with HSBC Poland since 2005 and has held a number of senior roles in risk management and internal audit.<br \/><br \/>Prior to joining HSBC, Dariusz worked in a range of treasury, audit and risk management roles at ING, Arthur Andersen and Raiffeisen Bank.<br \/><br \/>Dariusz holds a degree in Finance from University of Economics in Krakow and the qualification of Association of Chartered Certified Accountants.<\/p><h4>Dariusz Kucharski<br \/><\/h4><p><strong>Vice-Przewodnicz\u0105cy Zarz\u0105du<\/strong><\/p><p>\u00a0<\/p>HSBC Bank Polska S. A.tel.: +48 22 323 90 00Rondo ONZ 1<br \/>00-124 Warszawa\t\t\n\t\t\t\t\t\t\t\t\t\t\t\t\t\t\t<img width=\"150\" height=\"150\" src=\"https:\/\/bpcc.org.pl\/wp-content\/uploads\/2022\/07\/content_pawel_swietochowski.png\" alt=\"\" loading=\"lazy\" \/>\t\t\t\t\t\t\t\t\t\t\t\t\t\t\t\n\t\t<p>Pawe\u0142 \u015awi\u0119tochowski has been working at Castorama for over 21 years, acting on different roles.<br \/>He is currently CSR manager and a President of Castorama Foundation. In his roles he is responsible also for managing communities and eco projects conducted in a company.<br \/><br \/>Pawe\u0142 is also responsible for supporting external communication in Castorama Poland.<br \/><br \/>Pawe\u0142 has got degree Warsaw University of Life Sciences.<\/p><h4>Pawe\u0142 \u015awi\u0119tochowski<\/h4><p><strong>Sekretarz Zarz\u0105du<br \/><\/strong><\/p><p>Dyrektor ds. relacji biznesowych i program\u00f3w spo\u0142eczno\u015bciowych, President of Castorama Foundation<\/p>tel.: +48 (22) 57 53 174ul. Krakowiak\u00f3w 78<br \/>02-255 Warszawa\t\t\n\t\t\t\t\t\t\t\t\t\t\t\t\t\t\t<img width=\"150\" height=\"150\" src=\"https:\/\/bpcc.org.pl\/wp-content\/uploads\/2022\/09\/Elzbieta-Pelka-150x150.jpg\" alt=\"\" loading=\"lazy\" srcset=\"https:\/\/bpcc.org.pl\/wp-content\/uploads\/2022\/09\/Elzbieta-Pelka-150x150.jpg 150w, https:\/\/bpcc.org.pl\/wp-content\/uploads\/2022\/09\/Elzbieta-Pelka.jpg 300w, https:\/\/bpcc.org.pl\/wp-content\/uploads\/2022\/09\/Elzbieta-Pelka-24x24.jpg 24w, https:\/\/bpcc.org.pl\/wp-content\/uploads\/2022\/09\/Elzbieta-Pelka-48x48.jpg 48w, https:\/\/bpcc.org.pl\/wp-content\/uploads\/2022\/09\/Elzbieta-Pelka-96x96.jpg 96w\" sizes=\"auto, (max-width: 150px) 100vw, 150px\" \/>\t\t\t\t\t\t\t\t\t\t\t\t\t\t\t\n\t\t<p>Fellow of The Royal Society of Arts (RSA), Fellow of The Chartered Institute of Marketing, prezeska Polish National Sales Awards, w\u0142a\u015bcicielka Agencji Marketingu Zintegrowanego Pe\u0142ka i Partnerzy, cz\u0142onkini zarz\u0105du British-Polish Chamber of Commerce od 2019 roku, ekspertka Centrum Dialogu i Analiz THINK TANK. Cz\u0142onkini Rady Programowej Europejskiej Fundacji Rozwoju Przedsi\u0119biorczo\u015bci oraz Klubu Mentorek Sieci Przedsi\u0119biorczych Kobiet. Cz\u0142onkini Akademii Liderek Henryki Bochniarz. Od 2023 r. przewodnicz\u0105ca Rady Nadzorczej sp\u00f3\u0142ki Sunway Network S.A. (dawniej Prosta Gie\u0142da S.A).<\/p><p>Przedsi\u0119biorczyni, marketerka, ekspertka w procesach zarz\u0105dzania mark\u0105 360 stopni, posiada ponad 25-letnie do\u015bwiadczenie w szeroko poj\u0119tej komunikacji zdobyte w Polsce i za granic\u0105, szczeg\u00f3lnie w Wielkiej Brytanii. Pracowa\u0142a na stanowiskach mened\u017cerskich dla takich korporacji mi\u0119dzynarodowych jak Ogilvy&amp;Mather w Londynie i Warszawie, The Rowland Company, GGK Direct, Marie Claire Poland.<\/p><p>W ramach realizowanych projekt\u00f3w dzia\u0142a na rzecz rozwoju przedsi\u0119biorczo\u015bci, a tak\u017ce promowania standard\u00f3w i etyki w sprzeda\u017cy. Jest aktywn\u0105 uczestniczk\u0105 kilku organizacji prowadz\u0105cych dzia\u0142alno\u015b\u0107 prospo\u0142eczn\u0105.<\/p><h4>El\u017cbieta Pe\u0142ka<br \/><\/h4><p><strong>Cz\u0142onek Zarz\u0105du<\/strong><\/p><p>\u00a0<\/p><strong>Pe\u0142ka i Partnerzy<\/strong>tel.: +48 22 853 56 22-24ul. Ekologiczna 16\/28,<br \/>02-798 Warszawa\t\t\n\t\t\t\t\t\t\t\t\t\t\t\t\t\t\t<img width=\"150\" height=\"150\" src=\"https:\/\/bpcc.org.pl\/wp-content\/uploads\/2025\/04\/Andrzej-Posniak_cropped_res-150x150.jpg\" alt=\"\" loading=\"lazy\" srcset=\"https:\/\/bpcc.org.pl\/wp-content\/uploads\/2025\/04\/Andrzej-Posniak_cropped_res-150x150.jpg 150w, https:\/\/bpcc.org.pl\/wp-content\/uploads\/2025\/04\/Andrzej-Posniak_cropped_res-24x24.jpg 24w, https:\/\/bpcc.org.pl\/wp-content\/uploads\/2025\/04\/Andrzej-Posniak_cropped_res-48x48.jpg 48w, https:\/\/bpcc.org.pl\/wp-content\/uploads\/2025\/04\/Andrzej-Posniak_cropped_res-96x96.jpg 96w, https:\/\/bpcc.org.pl\/wp-content\/uploads\/2025\/04\/Andrzej-Posniak_cropped_res.jpg 300w\" sizes=\"auto, (max-width: 150px) 100vw, 150px\" \/>\t\t\t\t\t\t\t\t\t\t\t\t\t\t\t\n\t\t<p>Andrzej Po\u015bniak jest prawnikiem, ekonomist\u0105 i mened\u017cerem. Od 2019 roku jest partnerem zarz\u0105dzaj\u0105cym kancelarii CMS w Polsce. W tym czasie kancelaria znacz\u0105co wzmocni\u0142a swoj\u0105 pozycj\u0119 na rynku, a w 2024 roku zosta\u0142a najwi\u0119ksz\u0105 kancelari\u0105 prawn\u0105 w Polsce wed\u0142ug rankingu dziennika Rzeczpospolita.<\/p><p>Andrzej nadzoruje tak\u017ce prac\u0119 zespo\u0142u Doradztwa Podatkowego w ramach praktyki Transakcji i Prawa Sp\u00f3\u0142ek (Corporate \/ M&amp;A) oraz odpowiada za rozw\u00f3j tej praktyki\u00a0<br \/>w Europie \u015arodkowo-Wschodniej.<\/p><p>Dzi\u0119ki uko\u0144czonym studiom mened\u017cerskim na Harvard Law School, skutecznie \u0142\u0105czy kompetencje strategiczne z zarz\u0105dzaniem operacyjnym. Konsekwentnie rozwija wsp\u00f3\u0142prac\u0119 z kluczowymi klientami i partnerami biznesowymi, a jako cz\u0142onek globalnego zarz\u0105du praktyki podatkowej CMS, aktywnie kszta\u0142tuje jej mi\u0119dzynarodow\u0105 strategi\u0119.<\/p><h4>Andrzej Po\u015bniak<\/h4><p><strong>Cz\u0142onek Zarz\u0105du<br \/><\/strong><br \/>Partner Zarz\u0105dzaj\u0105cy, kancelaria CMS<br \/>Phone: +48 22 520 5555<br \/>Varso Tower<br \/>ul. Chmielna 69,<br \/>00-801 Warszawa<br \/>Poland<strong><br \/><\/strong><\/p>\t\t\n\t\t\t<h1>\n\t\t\t\t\tDoradcy zarz\u0105du BPCC\n\t\t\t\t<\/h1>\t\t\n\t\t\t\t\t\t\t\t\t\t\t\t\t\t\t<img width=\"150\" height=\"150\" src=\"https:\/\/bpcc.org.pl\/wp-content\/uploads\/2022\/11\/Agnieszka-Kulikowska-150x150.jpg\" alt=\"\" loading=\"lazy\" srcset=\"https:\/\/bpcc.org.pl\/wp-content\/uploads\/2022\/11\/Agnieszka-Kulikowska-150x150.jpg 150w, https:\/\/bpcc.org.pl\/wp-content\/uploads\/2022\/11\/Agnieszka-Kulikowska.jpg 300w, https:\/\/bpcc.org.pl\/wp-content\/uploads\/2022\/11\/Agnieszka-Kulikowska-24x24.jpg 24w, https:\/\/bpcc.org.pl\/wp-content\/uploads\/2022\/11\/Agnieszka-Kulikowska-48x48.jpg 48w, https:\/\/bpcc.org.pl\/wp-content\/uploads\/2022\/11\/Agnieszka-Kulikowska-96x96.jpg 96w\" sizes=\"auto, (max-width: 150px) 100vw, 150px\" \/>\t\t\t\t\t\t\t\t\t\t\t\t\t\t\t\n\t\t<p>Agnieszka Kulikowska has been working for PageGroup for the last 15 years. She is a local Board Member at Michael Page, the permanent recruitment leader in most of Europe. She launched the international Page Executive brand in Poland in 2014 focusing on executive search for C-suite roles, local, regional and global management board levels and directors. Prior to working in Page she worked for ABN Amro Bank. She now concentrates on mandates within Global Business Services \/ SSCs,\u00a0Financial Services, Professional Services, and roles within Technology, Finance, HR across all sectors.\u00a0<\/p><p>Agnieszka studied the English and Spanish Philology at the University of Warsaw, and speaks in these languages fluently. She leads the Global Diversity, Equity and &amp; Inclusion Ambassadors Network in Page Executive and is active in building diversity on board and director levels for her clients. She is a Board Member of Campaign Against Homophobia, the largest NGO advocating for LGBT+ rights and inclusion in Poland.\u00a0<\/p><h4>Agnieszka Kulikowska<br \/><\/h4><p><strong>Doradczyni Zarz\u0105du<\/strong><\/p><p>Senior Partner, Page Executive<\/p>tel.: +48 (22) 57 53 174ul. Z\u0142ota 59<br \/>00-120 Warszawa\t\t\n\t\t\t\t\t\t\t\t\t\t\t\t\t\t\t<img width=\"150\" height=\"150\" src=\"https:\/\/bpcc.org.pl\/wp-content\/uploads\/2022\/11\/Adam-Uszpolewicz-portal-150x150.jpg\" alt=\"\" loading=\"lazy\" srcset=\"https:\/\/bpcc.org.pl\/wp-content\/uploads\/2022\/11\/Adam-Uszpolewicz-portal-150x150.jpg 150w, https:\/\/bpcc.org.pl\/wp-content\/uploads\/2022\/11\/Adam-Uszpolewicz-portal.jpg 300w, https:\/\/bpcc.org.pl\/wp-content\/uploads\/2022\/11\/Adam-Uszpolewicz-portal-24x24.jpg 24w, https:\/\/bpcc.org.pl\/wp-content\/uploads\/2022\/11\/Adam-Uszpolewicz-portal-48x48.jpg 48w, https:\/\/bpcc.org.pl\/wp-content\/uploads\/2022\/11\/Adam-Uszpolewicz-portal-96x96.jpg 96w\" sizes=\"auto, (max-width: 150px) 100vw, 150px\" \/>\t\t\t\t\t\t\t\t\t\t\t\t\t\t\t\n\t\t<p>Adam is a senior financial services executive with 30 years of experience in insurance, asset management and banking markets both in Poland and internationally. He successfully developed and led several companies. In the last 15 years he worked for Aviva, recently as CEO of the Polish business. Before that he was responsible for sales and marketing for Aviva\u2019s European and Asian regions. Prior to joining Aviva he was CEO of Nationwide\u2019s European business based in Luxembourg. He held numerous board positions in financial services companies in Poland, UK, France, Ireland, Turkey and Luxembourg. He also has experience in consulting and investment banking.<\/p><p>Adam has a degree in economics from Copenhagen University. He is also a chartered accountant.<\/p><h4>Adam Uszpolewicz<br \/><\/h4><p><strong>Doradca Zarz\u0105du<\/strong><\/p>","_et_gb_content_width":"","footnotes":""},"class_list":["post-2051","page","type-page","status-publish","has-post-thumbnail","hentry"],"acf":[],"_links":{"self":[{"href":"https:\/\/dev2.bpcc.org.pl\/pl\/wp-json\/wp\/v2\/pages\/2051","targetHints":{"allow":["GET"]}}],"collection":[{"href":"https:\/\/dev2.bpcc.org.pl\/pl\/wp-json\/wp\/v2\/pages"}],"about":[{"href":"https:\/\/dev2.bpcc.org.pl\/pl\/wp-json\/wp\/v2\/types\/page"}],"author":[{"embeddable":true,"href":"https:\/\/dev2.bpcc.org.pl\/pl\/wp-json\/wp\/v2\/users\/1"}],"replies":[{"embeddable":true,"href":"https:\/\/dev2.bpcc.org.pl\/pl\/wp-json\/wp\/v2\/comments?post=2051"}],"version-history":[{"count":109,"href":"https:\/\/dev2.bpcc.org.pl\/pl\/wp-json\/wp\/v2\/pages\/2051\/revisions"}],"predecessor-version":[{"id":71137,"href":"https:\/\/dev2.bpcc.org.pl\/pl\/wp-json\/wp\/v2\/pages\/2051\/revisions\/71137"}],"wp:featuredmedia":[{"embeddable":true,"href":"https:\/\/dev2.bpcc.org.pl\/pl\/wp-json\/wp\/v2\/media\/2508"}],"wp:attachment":[{"href":"https:\/\/dev2.bpcc.org.pl\/pl\/wp-json\/wp\/v2\/media?parent=2051"}],"curies":[{"name":"wp","href":"https:\/\/api.w.org\/{rel}","templated":true}]}}